{"id":601,"date":"2017-09-18T15:16:00","date_gmt":"2017-09-18T13:16:00","guid":{"rendered":"http:\/\/lamaisondelabourgade.com\/lesmaisons\/?page_id=601"},"modified":"2024-10-17T11:28:31","modified_gmt":"2024-10-17T09:28:31","slug":"liens","status":"publish","type":"page","link":"https:\/\/lamaisondelabourgade.com\/lesmaisons\/liens\/","title":{"rendered":"Nos Coups de Coeur"},"content":{"rendered":"<p>[et_pb_section fb_built=\u00a0\u00bb1&Prime; admin_label=\u00a0\u00bbsection\u00a0\u00bb _builder_version=\u00a0\u00bb4.16&Prime; global_colors_info=\u00a0\u00bb{}\u00a0\u00bb][et_pb_row admin_label=\u00a0\u00bbrow\u00a0\u00bb _builder_version=\u00a0\u00bb4.16&Prime; background_size=\u00a0\u00bbinitial\u00a0\u00bb background_position=\u00a0\u00bbtop_left\u00a0\u00bb background_repeat=\u00a0\u00bbrepeat\u00a0\u00bb global_colors_info=\u00a0\u00bb{}\u00a0\u00bb][et_pb_column type=\u00a0\u00bb4_4&Prime; _builder_version=\u00a0\u00bb4.16&Prime; custom_padding=\u00a0\u00bb|||\u00a0\u00bb global_colors_info=\u00a0\u00bb{}\u00a0\u00bb custom_padding__hover=\u00a0\u00bb|||\u00a0\u00bb][et_pb_text admin_label=\u00a0\u00bbText\u00a0\u00bb _builder_version=\u00a0\u00bb4.23.1&Prime; background_size=\u00a0\u00bbinitial\u00a0\u00bb background_position=\u00a0\u00bbtop_left\u00a0\u00bb background_repeat=\u00a0\u00bbrepeat\u00a0\u00bb global_colors_info=\u00a0\u00bb{}\u00a0\u00bb]<\/p>\n<h1 class=\"font_4\">Nos coups de coeur<\/h1>\n<p>&nbsp;<\/p>\n<p>&nbsp;<\/p>\n<h2><span style=\"text-decoration: underline;\">RESTAURANTS :<\/span><\/h2>\n<p>&nbsp;<\/p>\n<table style=\"border-collapse: collapse; width: 100%;\" border=\"1\">\n<tbody>\n<tr>\n<td style=\"width: 50%;\"><img loading=\"lazy\" decoding=\"async\" class=\"aligncenter wp-image-641\" src=\"https:\/\/lamaisondelabourgade.com\/lesmaisons\/wp-content\/uploads\/2018\/12\/pizza-du-duch\u00e9.jpg\" alt=\"\" width=\"136\" height=\"135\" srcset=\"https:\/\/lamaisondelabourgade.com\/lesmaisons\/wp-content\/uploads\/2018\/12\/pizza-du-duch\u00e9.jpg 225w, https:\/\/lamaisondelabourgade.com\/lesmaisons\/wp-content\/uploads\/2018\/12\/pizza-du-duch\u00e9-150x150.jpg 150w\" sizes=\"(max-width: 136px) 100vw, 136px\" \/><\/td>\n<td style=\"width: 50%;\"><strong>La Pizza du Duch\u00e9<\/strong><br \/><strong><span class=\"w8qArf\">Adresse :<\/span>14 Rue Jacques d&rsquo;Uz\u00e8s, Uz\u00e8s<\/strong><br \/><strong>Tel : 04 66 22 30 42<\/strong><\/td>\n<\/tr>\n<\/tbody>\n<\/table>\n<p>&nbsp;<\/p>\n<table style=\"border-collapse: collapse; width: 100%;\" border=\"1\">\n<tbody>\n<tr>\n<td style=\"width: 539.5px;\"><\/td>\n<td style=\"width: 539.5px;\"><span class=\"LrzXr\"><span class=\"LrzXr\"><span class=\"LrzXr zdqRlf kno-fv\"> <span>Les Insolents<\/span><br \/><span class=\"w8qArf FoJoyf\"><a class=\"fl\" href=\"https:\/\/www.google.com\/search?sca_esv=f5b538dc3f9b8a95&amp;sxsrf=ADLYWIJAOU0CpJNlnho1DZHIaI5DvbB1SQ:1729156735680&amp;q=les+insolents+uz%C3%A8s+adresse&amp;ludocid=14359467436242281453&amp;sa=X&amp;ved=2ahUKEwiAz_bnipWJAxX3UaQEHU5jGUQQ6BN6BAg3EAI\" data-ved=\"2ahUKEwiAz_bnipWJAxX3UaQEHU5jGUQQ6BN6BAg3EAI\">Adresse<\/a><span>\u00a0:<\/span><span> \u00a0<\/span><a href=\"https:\/\/www.google.com\/maps\/place\/\/data=!4m2!3m1!1s0x12b5b5601fede07d:0xc747138db502a3ed?sa=X&amp;ved=1t:8290&amp;ictx=111\" data-url=\"\/maps\/place\/\/data=!4m2!3m1!1s0x12b5b5601fede07d:0xc747138db502a3ed?sa=X&amp;ved=2ahUKEwiAz_bnipWJAxX3UaQEHU5jGUQQ4kB6BAgEEAA\" ping=\"\/url?sa=t&amp;source=web&amp;rct=j&amp;opi=89978449&amp;url=\/maps\/place\/\/data%3D!4m2!3m1!1s0x12b5b5601fede07d:0xc747138db502a3ed%3Fsa%3DX%26ved%3D1t:8290%26ictx%3D111&amp;ved=2ahUKEwiAz_bnipWJAxX3UaQEHU5jGUQQ4kB6BAg3EAM\" style=\"font-size: 14px;\" tabindex=\"0\">5 Bd Victor Hugo, 30700 Uz\u00e8s<\/a><br \/><span>T\u00e9l\u00e9phone\u00a0:\u00a0<a data-dtype=\"d3ph\" data-local-attribute=\"d3ph\" jscontroller=\"LWZElb\" href=\"https:\/\/www.google.com\/search?q=les+insolents+uzes&amp;sca_esv=f5b538dc3f9b8a95&amp;sxsrf=ADLYWIKHGg4qCkL7W0lDscIu-_785LCt0Q%3A1729156731177&amp;ei=e9YQZ9-zCpaakdUP54nniAs&amp;ved=0ahUKEwif3ePlipWJAxUWTaQEHefEGbEQ4dUDCBA&amp;uact=5&amp;oq=les+insolents+uzes&amp;gs_lp=Egxnd3Mtd2l6LXNlcnAiEmxlcyBpbnNvbGVudHMgdXplczILEC4YgAQYxwEYrwEyCBAAGIAEGMsBMggQABiABBjLATIIEAAYgAQYywEyCBAAGIAEGMsBMgYQABgWGB4yBhAAGBYYHjICECYyAhAmMggQABiABBiiBDIaEC4YgAQYxwEYrwEYlwUY3AQY3gQY4ATYAQFI_Q1Q4AFY1QxwAHgCkAEAmAHkAaABwQKqAQUxLjAuMbgBA8gBAPgBAZgCA6AC5QLCAgQQABhHwgIFEAAYgATCAgoQLhiABBgUGIcCwgIKEAAYgAQYQxiKBcICBRAuGIAEmAMAiAYBkAYIugYGCAEQARgUkgcFMS4xLjGgB7AZ&amp;sclient=gws-wiz-serp#\" jsdata=\"QKGTRc;_;A2J6m0\" jsaction=\"rcuQ6b:npT2md;F75qrd\" data-ved=\"2ahUKEwiAz_bnipWJAxX3UaQEHU5jGUQQkAgoAHoECDkQAg\"><span aria-label=\"Appeler le 09 53 08 87 05\">09 53 08 87 05<\/span><\/a><\/span><\/span><\/span><\/span><\/span><span class=\"LrzXr\"><span class=\"LrzXr zdqRlf kno-fv\"><br \/><\/span><\/span><\/td>\n<\/tr>\n<\/tbody>\n<\/table>\n<p>&nbsp;<\/p>\n<table style=\"border-collapse: collapse; width: 100%;\" border=\"1\">\n<tbody>\n<tr>\n<td style=\"width: 50.1189%;\"><\/td>\n<td style=\"width: 49.8811%;\">\n<p>Restaurant Le Barry<\/p>\n<div class=\"wDYxhc\" data-attrid=\"kc:\/location\/location:address\" data-md=\"1002\" data-hveid=\"CD8QAA\" data-ved=\"2ahUKEwjgt8W1i5WJAxVCVKQEHaQZDOgQkCl6BAg_EAA\">\n<div class=\"Z1hOCe\">\n<div class=\"zloOqf PZPZlf\" data-dtype=\"d3ifr\" data-local-attribute=\"d3adr\" data-mid=\"\/g\/11rmwd0ng4\" jsdata=\"kMGuHf;_;A96pBs\" data-ved=\"2ahUKEwjgt8W1i5WJAxVCVKQEHaQZDOgQghwoAHoECD8QAQ\"><span class=\"w8qArf FoJoyf\"><a class=\"fl\" href=\"https:\/\/www.google.com\/search?sca_esv=f5b538dc3f9b8a95&amp;sxsrf=ADLYWIJzYL46Q1G9_s5W-7IZ6yFbrsm6Dw:1729156898451&amp;q=le+barry+restaurant+adresse&amp;ludocid=4520462737829833414&amp;sa=X&amp;ved=2ahUKEwjgt8W1i5WJAxVCVKQEHaQZDOgQ6BN6BAg_EAI\" data-ved=\"2ahUKEwjgt8W1i5WJAxVCVKQEHaQZDOgQ6BN6BAg_EAI\">Adresse<\/a><span>\u00a0:<\/span><span> <\/span><\/span><span style=\"font-size: 14px;\"><\/span><a href=\"https:\/\/www.google.com\/maps\/place\/\/data=!4m2!3m1!1s0x12b5b51df322d407:0x3ebbe8e8dcbcaac6?sa=X&amp;ved=1t:8290&amp;ictx=111\" data-url=\"\/maps\/place\/\/data=!4m2!3m1!1s0x12b5b51df322d407:0x3ebbe8e8dcbcaac6?sa=X&amp;ved=2ahUKEwjgt8W1i5WJAxVCVKQEHaQZDOgQ4kB6BAgIEAA\" ping=\"\/url?sa=t&amp;source=web&amp;rct=j&amp;opi=89978449&amp;url=\/maps\/place\/\/data%3D!4m2!3m1!1s0x12b5b51df322d407:0x3ebbe8e8dcbcaac6%3Fsa%3DX%26ved%3D1t:8290%26ictx%3D111&amp;ved=2ahUKEwjgt8W1i5WJAxVCVKQEHaQZDOgQ4kB6BAg_EAM\" style=\"font-size: 14px;\" tabindex=\"0\">13 Bd Victor Hugo, 30700 Uz\u00e8s<\/a><\/div>\n<div class=\"zloOqf PZPZlf\" data-dtype=\"d3ifr\" data-local-attribute=\"d3adr\" data-mid=\"\/g\/11rmwd0ng4\" jsdata=\"kMGuHf;_;A96pBs\" data-ved=\"2ahUKEwjgt8W1i5WJAxVCVKQEHaQZDOgQghwoAHoECD8QAQ\"><span class=\"w8qArf FoJoyf\" style=\"font-size: 14px;\">T\u00e9l\u00e9phone\u00a0:\u00a0<\/span><span style=\"font-size: 14px;\"><span class=\"LrzXr zdqRlf kno-fv\"><a data-dtype=\"d3ph\" data-local-attribute=\"d3ph\" jscontroller=\"LWZElb\" href=\"https:\/\/www.google.com\/search?q=le+bary+uzes&amp;oq=le+bary+uzes&amp;gs_lcrp=EgZjaHJvbWUyBggAEEUYOTIGCAEQRRhA0gEIMzYzMGowajSoAgCwAgE&amp;sourceid=chrome&amp;ie=UTF-8#\" jsdata=\"QKGTRc;_;A96pCE\" jsaction=\"rcuQ6b:npT2md;F75qrd\" data-ved=\"2ahUKEwjgt8W1i5WJAxVCVKQEHaQZDOgQkAgoAHoECEAQAg\"><span aria-label=\"Appeler le 04 66 81 28 97\">04 66 81 28 97<\/span><\/a><\/span><\/span><\/div>\n<\/div>\n<\/div>\n<div class=\"wDYxhc\" data-attrid=\"kc:\/local:edit info\" data-md=\"140\" data-hveid=\"CDwQAA\" data-ved=\"2ahUKEwjgt8W1i5WJAxVCVKQEHaQZDOgQkG0oAHoECDwQAA\">\n<div jscontroller=\"XlKixc\" class=\"NgDbBb\" jsaction=\"rcuQ6b:npT2md\">\n<div><\/div>\n<\/div>\n<\/div>\n<\/td>\n<\/tr>\n<\/tbody>\n<\/table>\n<p>&nbsp;<\/p>\n<table style=\"border-collapse: collapse; width: 100%;\" border=\"1\">\n<tbody>\n<tr>\n<td style=\"width: 50%;\"><img loading=\"lazy\" decoding=\"async\" class=\"aligncenter wp-image-664\" src=\"https:\/\/lamaisondelabourgade.com\/lesmaisons\/wp-content\/uploads\/2018\/12\/la-famille-uzew.jpg\" alt=\"\" width=\"189\" height=\"188\" srcset=\"https:\/\/lamaisondelabourgade.com\/lesmaisons\/wp-content\/uploads\/2018\/12\/la-famille-uzew.jpg 452w, https:\/\/lamaisondelabourgade.com\/lesmaisons\/wp-content\/uploads\/2018\/12\/la-famille-uzew-150x150.jpg 150w, https:\/\/lamaisondelabourgade.com\/lesmaisons\/wp-content\/uploads\/2018\/12\/la-famille-uzew-300x300.jpg 300w\" sizes=\"(max-width: 189px) 100vw, 189px\" \/><\/td>\n<td style=\"width: 50%;\">\n<div class=\"SPZz6b\" role=\"heading\" aria-level=\"3\">\n<div class=\"FxvUNb kno-ecr-pt kno-fb-ctx sKbx2c\" data-dtype=\"d3ifr\" data-local-attribute=\"d3bn\" data-ved=\"2ahUKEwiAyr6GtpffAhVhzoUKHRE1B2kQ3B0oADALegQIBhAN\"><strong>La Famille Uz\u00e8s<br \/>Adresse : <span class=\"LrzXr\">9 Place aux Herbes, 30700 Uz\u00e8s<\/span><br \/><\/strong><\/div>\n<div data-dtype=\"d3ifr\" data-local-attribute=\"d3bn\" data-ved=\"2ahUKEwiAyr6GtpffAhVhzoUKHRE1B2kQ3B0oADALegQIBhAN\"><strong>Tel : <span class=\"LrzXr zdqRlf kno-fv\"><span data-dtype=\"d3ifr\" data-local-attribute=\"d3ph\">09 72 83 90 76<\/span><\/span><\/strong><\/div>\n<\/div>\n<\/td>\n<\/tr>\n<\/tbody>\n<\/table>\n<p>&nbsp;<\/p>\n<p>&nbsp;<\/p>\n<p>&nbsp;<\/p>\n<h2><span style=\"text-decoration: underline;\">HOTEL :<\/span><\/h2>\n<p>&nbsp;<\/p>\n<div><\/div>\n<p>&nbsp;<\/p>\n<div>\n<table style=\"border-collapse: collapse; width: 100%;\" border=\"1\">\n<tbody>\n<tr>\n<td style=\"width: 50%;\"><a href=\"https:\/\/www.villafauve.com\/\"><img loading=\"lazy\" decoding=\"async\" class=\"aligncenter wp-image-645\" src=\"https:\/\/lamaisondelabourgade.com\/lesmaisons\/wp-content\/uploads\/2018\/12\/villa-fauve.jpg\" alt=\"\" width=\"226\" height=\"154\" \/><\/a><\/td>\n<td style=\"width: 50%;\">\n<div><strong>Villa Fauve<\/strong><br \/><strong>Adresse :\u00a01 Rue des Templiers, 30700 Saint-Maximin<\/strong><br \/><strong>Tel :\u00a0<a class=\"fl r-iEkvZv_kAotM\" title=\"Appeler avec Hangouts\" href=\"https:\/\/www.google.fr\/search?q=villa+favue&amp;oq=villa+favue&amp;aqs=chrome..69i57j0l5.4106j0j4&amp;sourceid=chrome&amp;ie=UTF-8#\" data-number=\"+33466634011\" data-pstn-out-call-url=\"\" data-rtid=\"iEkvZv_kAotM\" data-ved=\"2ahUKEwjSro6ai5XfAhXoWxUIHV_BD48QkAgoADAXegQICBAH\">04 66 63 40 11<\/a><\/strong><br \/><strong>Site :<\/strong><a href=\"https:\/\/www.villafauve.com\/\"><strong>\u00a0https:\/\/www.villafauve.com\/<\/strong><\/a><\/div>\n<\/td>\n<\/tr>\n<\/tbody>\n<\/table>\n<\/div>\n<p>&nbsp;<\/p>\n<div><\/div>\n<p>&nbsp;<\/p>\n<div>\n<table style=\"border-collapse: collapse; width: 100%;\" border=\"1\">\n<tbody>\n<tr>\n<td style=\"width: 50%;\">\n<div><img loading=\"lazy\" decoding=\"async\" class=\"aligncenter wp-image-646\" src=\"https:\/\/lamaisondelabourgade.com\/lesmaisons\/wp-content\/uploads\/2018\/12\/Bivouac-Insolite.jpg\" alt=\"\" width=\"230\" height=\"153\" \/><\/div>\n<\/td>\n<td style=\"width: 50%;\">\n<div><strong>Bivouac Insolite<\/strong><br \/><strong>Adresse :\u00a0Lieu dit Graousse, 30270 Saint-Jean-du-Gard<\/strong><\/div>\n<div><strong>Tel :\u00a0<\/strong><a class=\"fl r-iWVB4md3UwcQ\" title=\"Appeler avec Hangouts\" href=\"https:\/\/www.google.fr\/search?q=bivouac+insolitre&amp;oq=bivouac+insolitre+&amp;aqs=chrome..69i57j0.4440j0j9&amp;sourceid=chrome&amp;ie=UTF-8#\" data-number=\"+33466853690\" data-pstn-out-call-url=\"\" data-rtid=\"iWVB4md3UwcQ\" data-ved=\"2ahUKEwjh2v7Pi5XfAhWmz4UKHRcMAoUQkAgoADATegQIAhAH\"><strong>04 66 85 36 90<\/strong><\/a><\/div>\n<\/td>\n<\/tr>\n<\/tbody>\n<\/table>\n<table style=\"border-collapse: collapse; width: 99.908%; height: 190px;\" border=\"1\">\n<tbody>\n<tr style=\"height: 190px;\">\n<td style=\"width: 50.1404%; height: 190px;\"><img loading=\"lazy\" decoding=\"async\" class=\"aligncenter wp-image-668\" src=\"https:\/\/lamaisondelabourgade.com\/lesmaisons\/wp-content\/uploads\/2018\/12\/Uz\u00e8s-Hotel-Goudargues-u-74-1004x1024.jpg\" alt=\"\" width=\"186\" height=\"190\" srcset=\"https:\/\/lamaisondelabourgade.com\/lesmaisons\/wp-content\/uploads\/2018\/12\/Uz\u00e8s-Hotel-Goudargues-u-74-1004x1024.jpg 1004w, https:\/\/lamaisondelabourgade.com\/lesmaisons\/wp-content\/uploads\/2018\/12\/Uz\u00e8s-Hotel-Goudargues-u-74-294x300.jpg 294w, https:\/\/lamaisondelabourgade.com\/lesmaisons\/wp-content\/uploads\/2018\/12\/Uz\u00e8s-Hotel-Goudargues-u-74-768x784.jpg 768w, https:\/\/lamaisondelabourgade.com\/lesmaisons\/wp-content\/uploads\/2018\/12\/Uz\u00e8s-Hotel-Goudargues-u-74-1080x1102.jpg 1080w, https:\/\/lamaisondelabourgade.com\/lesmaisons\/wp-content\/uploads\/2018\/12\/Uz\u00e8s-Hotel-Goudargues-u-74.jpg 1176w\" sizes=\"(max-width: 186px) 100vw, 186px\" \/><\/td>\n<td style=\"width: 49.7677%; height: 190px;\">\n<div class=\"FxvUNb kno-ecr-pt kno-fb-ctx EaHP9c\" data-dtype=\"d3ifr\" data-local-attribute=\"d3bn\" data-ved=\"2ahUKEwjBpfqPvJffAhUMJBoKHVhaCDcQ3B0oADALegQIBhAN\"><strong>H\u00f4tel Entraigues Uz\u00e8s<br \/>Adresse : <span class=\"LrzXr\">4 Place de l&rsquo;\u00c9v\u00each\u00e9, 30700 Uz\u00e8s<\/span><br \/>Tel : <span class=\"LrzXr zdqRlf kno-fv\"><span data-dtype=\"d3ifr\" data-local-attribute=\"d3ph\">04 66 72 05 25<\/span><\/span><br \/><\/strong><\/div>\n<\/td>\n<\/tr>\n<\/tbody>\n<\/table>\n<\/div>\n<p>&nbsp;<\/p>\n<h2><span style=\"text-decoration: underline;\">MAGASIN :<\/span><\/h2>\n<p>&nbsp;<\/p>\n<table style=\"border-collapse: collapse; width: 100%;\" border=\"1\">\n<tbody>\n<tr>\n<td style=\"width: 50%;\"><img loading=\"lazy\" decoding=\"async\" class=\"aligncenter size-full wp-image-653\" src=\"https:\/\/lamaisondelabourgade.com\/lesmaisons\/wp-content\/uploads\/2018\/12\/images.jpg\" alt=\"\" width=\"269\" height=\"187\" \/><\/td>\n<td style=\"width: 50%;\">\n<div class=\"SPZz6b\" role=\"heading\" aria-level=\"3\">\n<div class=\"FxvUNb kno-ecr-pt kno-fb-ctx\" data-dtype=\"d3ifr\" data-local-attribute=\"d3bn\" data-ved=\"2ahUKEwjTnO2q35XfAhUPhxoKHcIfDGAQ3B0oADALegQIARAL\"><strong>Atzana<\/strong><br \/><strong><span class=\"LrzXr\">Adresse : 5 Place Albert 1er, 30700 Uz\u00e8s<\/span><\/strong><br \/><strong><span class=\"LrzXr zdqRlf kno-fv\">Tel : 04 66 22 50 42<\/span><\/strong><\/div>\n<\/div>\n<\/td>\n<\/tr>\n<\/tbody>\n<\/table>\n<p>&nbsp;<\/p>\n<div><\/div>\n<p>&nbsp;<\/p>\n<div>\n<table style=\"border-collapse: collapse; width: 100%;\" border=\"1\">\n<tbody>\n<tr>\n<td style=\"width: 50%;\"><img loading=\"lazy\" decoding=\"async\" class=\"aligncenter wp-image-654\" src=\"https:\/\/lamaisondelabourgade.com\/lesmaisons\/wp-content\/uploads\/2018\/12\/Galerie-Jean-Louis-Fages-Nimes-Magasin-de-Decoration-pour-la-maison-en-centre-ville_reference.jpg\" alt=\"\" width=\"278\" height=\"197\" srcset=\"https:\/\/lamaisondelabourgade.com\/lesmaisons\/wp-content\/uploads\/2018\/12\/Galerie-Jean-Louis-Fages-Nimes-Magasin-de-Decoration-pour-la-maison-en-centre-ville_reference.jpg 600w, https:\/\/lamaisondelabourgade.com\/lesmaisons\/wp-content\/uploads\/2018\/12\/Galerie-Jean-Louis-Fages-Nimes-Magasin-de-Decoration-pour-la-maison-en-centre-ville_reference-300x213.jpg 300w, https:\/\/lamaisondelabourgade.com\/lesmaisons\/wp-content\/uploads\/2018\/12\/Galerie-Jean-Louis-Fages-Nimes-Magasin-de-Decoration-pour-la-maison-en-centre-ville_reference-400x284.jpg 400w\" sizes=\"(max-width: 278px) 100vw, 278px\" \/><\/td>\n<td style=\"width: 50%;\"><strong>Galerie Jean Louis Fages<\/strong><br \/><strong>Adresse :\u00a0<span class=\"w8qArf\">\u00a0<\/span><span class=\"LrzXr\">8 Rue Racine, 30000 N\u00eemes<br \/><\/span>Tel :\u00a0<span class=\"w8qArf\">\u00a0<\/span><span class=\"LrzXr zdqRlf kno-fv\"><a class=\"fl r-iRzkHd_k8Fg0\" title=\"Appeler avec Hangouts\" href=\"https:\/\/www.google.fr\/search?hl=fr&amp;authuser=0&amp;tbm=lcl&amp;ei=YEYOXOb0FYyUlwS1z4jgAg&amp;q=galeie+jean+louis+fages&amp;oq=galeie+jean+louis+fages&amp;gs_l=psy-ab.3..0i13k1.157525.166044.0.166180.31.25.1.0.0.0.320.2487.0j8j4j1.13.0....0...1c.1.64.psy-ab..17.14.2464...0j0i10k1j0i10i30k1j0i30k1j0i131k1j0i22i30k1j0i8i13i30k1.0.L5qW4OB_82k#\" data-number=\"+33466271194\" data-pstn-out-call-url=\"\" data-rtid=\"iRzkHd_k8Fg0\" data-ved=\"2ahUKEwiNvpLbjZXfAhUHuRoKHf3MABcQkAgoADAFegQIARAn\">04 66 27 11 94<\/a><\/span><\/strong><\/td>\n<\/tr>\n<\/tbody>\n<\/table>\n<table style=\"border-collapse: collapse; width: 100%;\" border=\"1\">\n<tbody>\n<tr>\n<td style=\"width: 50%;\"><img loading=\"lazy\" decoding=\"async\" class=\"aligncenter size-full wp-image-671\" src=\"https:\/\/lamaisondelabourgade.com\/lesmaisons\/wp-content\/uploads\/2018\/12\/samedi-matin.jpg\" alt=\"\" width=\"213\" height=\"160\" \/><\/td>\n<td style=\"width: 50%;\">\n<div class=\"FxvUNb kno-ecr-pt kno-fb-ctx\" data-dtype=\"d3ifr\" data-local-attribute=\"d3bn\" data-ved=\"2ahUKEwjv1uSOwJffAhUNyIUKHS_bBb4Q3B0oADALegQIBhAN\"><strong>Samedi Matin<br \/><span class=\"LrzXr\">Adresse : 3 Place Dampmartin, 30700 Uz\u00e8s<\/span><br \/><\/strong><\/div>\n<div data-dtype=\"d3ifr\" data-local-attribute=\"d3bn\" data-ved=\"2ahUKEwjv1uSOwJffAhUNyIUKHS_bBb4Q3B0oADALegQIBhAN\"><strong>Tel : <span class=\"LrzXr zdqRlf kno-fv\"><span data-dtype=\"d3ifr\" data-local-attribute=\"d3ph\">04 66 20 76 31<\/span><\/span><\/strong><\/div>\n<\/td>\n<\/tr>\n<\/tbody>\n<\/table>\n<table style=\"border-collapse: collapse; width: 100%;\" border=\"1\">\n<tbody>\n<tr>\n<td style=\"width: 50%;\"><img loading=\"lazy\" decoding=\"async\" class=\"aligncenter wp-image-672\" src=\"https:\/\/lamaisondelabourgade.com\/lesmaisons\/wp-content\/uploads\/2018\/12\/20-20.jpg\" alt=\"\" width=\"238\" height=\"190\" \/><\/td>\n<td style=\"width: 50%;\">\n<div class=\"SPZz6b\" role=\"heading\" aria-level=\"3\">\n<div class=\"FxvUNb kno-ecr-pt kno-fb-ctx\" data-dtype=\"d3ifr\" data-local-attribute=\"d3bn\" data-ved=\"2ahUKEwiZmL7bw5ffAhULtRoKHXn0DfYQ3B0oADALegQIAxAN\"><strong>20\/20<br \/>Adresse : <span class=\"LrzXr\">15 Rue Pelisserie, 30700 Uz\u00e8s<\/span><br \/>Tel : <span class=\"LrzXr zdqRlf kno-fv\"><span data-dtype=\"d3ifr\" data-local-attribute=\"d3ph\">04 66 03 05 52<\/span><\/span><br \/><\/strong><\/div>\n<\/div>\n<\/td>\n<\/tr>\n<\/tbody>\n<\/table>\n<table style=\"border-collapse: collapse; width: 100%;\" border=\"1\">\n<tbody>\n<tr>\n<td style=\"width: 50%;\"><img loading=\"lazy\" decoding=\"async\" class=\"aligncenter size-full wp-image-673\" src=\"https:\/\/lamaisondelabourgade.com\/lesmaisons\/wp-content\/uploads\/2018\/12\/blanc-cass\u00e9.jpg\" alt=\"\" width=\"406\" height=\"124\" srcset=\"https:\/\/lamaisondelabourgade.com\/lesmaisons\/wp-content\/uploads\/2018\/12\/blanc-cass\u00e9.jpg 406w, https:\/\/lamaisondelabourgade.com\/lesmaisons\/wp-content\/uploads\/2018\/12\/blanc-cass\u00e9-300x92.jpg 300w\" sizes=\"(max-width: 406px) 100vw, 406px\" \/><\/td>\n<td style=\"width: 50%;\">\n<div class=\"FxvUNb kno-ecr-pt kno-fb-ctx\" data-dtype=\"d3ifr\" data-local-attribute=\"d3bn\" data-ved=\"2ahUKEwiLoLfyxJffAhVGxxoKHeH2CNUQ3B0oADAQegQIBBAN\"><strong>Blanc Cass\u00e9<br \/>Adresse : <span class=\"LrzXr\">48 Boulevard Gambetta, 30700 Uz\u00e8s<\/span><br \/>Tel : <span class=\"LrzXr zdqRlf kno-fv\"><span data-dtype=\"d3ifr\" data-local-attribute=\"d3ph\">04 66 02 49 83<\/span><\/span><br \/><\/strong><\/div>\n<\/td>\n<\/tr>\n<\/tbody>\n<\/table>\n<h1><em><strong><span style=\"text-decoration: underline;\">Marrakech :<\/span><\/strong><\/em><\/h1>\n<\/div>\n<p>&nbsp;<\/p>\n<h2><span class=\"_2iem\"><span style=\"text-decoration: underline;\">RESTAURANTS :<\/span><\/span><\/h2>\n<p>&nbsp;<\/p>\n<table style=\"border-collapse: collapse; width: 100%;\" border=\"1\">\n<tbody>\n<tr>\n<td style=\"width: 50%;\"><img loading=\"lazy\" decoding=\"async\" class=\"aligncenter wp-image-656\" src=\"https:\/\/lamaisondelabourgade.com\/lesmaisons\/wp-content\/uploads\/2018\/12\/grand-cafe-de-la-poste.jpg\" alt=\"\" width=\"303\" height=\"170\" srcset=\"https:\/\/lamaisondelabourgade.com\/lesmaisons\/wp-content\/uploads\/2018\/12\/grand-cafe-de-la-poste.jpg 550w, https:\/\/lamaisondelabourgade.com\/lesmaisons\/wp-content\/uploads\/2018\/12\/grand-cafe-de-la-poste-300x169.jpg 300w\" sizes=\"(max-width: 303px) 100vw, 303px\" \/><\/td>\n<td style=\"width: 50%;\">\n<div><strong>Grand Caf\u00e9 de la Poste<\/strong><\/div>\n<div><strong><span class=\"w8qArf\">Adresse :\u00a0<\/span><span class=\"LrzXr\">Avenue Imam Malik, Marrakech 40000, Maroc<br \/><\/span>Tel:\u00a0<a class=\"fl r-iqChSLQCzphk\" title=\"Appeler avec Hangouts\" href=\"https:\/\/www.google.fr\/search?q=grand+caf%C3%A9+de+la+poste+marrakech&amp;oq=grand+cafe+de+la+poste&amp;aqs=chrome.1.69i57j0l5.11280j0j7&amp;sourceid=chrome&amp;ie=UTF-8#\" data-number=\"+212524433038\" data-pstn-out-call-url=\"\" data-rtid=\"iqChSLQCzphk\" data-ved=\"2ahUKEwjHv-z2gJXfAhVGXhoKHUGBD_UQkAgoADAWegQIBRAP\">+212 5244-33038<\/a><\/strong><\/div>\n<div><strong>Site :\u00a0<a href=\"https:\/\/www.grandcafedelaposte.restaurant\/\">https:\/\/www.grandcafedelaposte.restaurant\/<\/a><\/strong><\/div>\n<div><\/div>\n<\/td>\n<\/tr>\n<\/tbody>\n<\/table>\n<p>&nbsp;<\/p>\n<div><\/div>\n<p>&nbsp;<\/p>\n<div>\n<table style=\"border-collapse: collapse; width: 100%;\" border=\"1\">\n<tbody>\n<tr>\n<td style=\"width: 50%;\"><img loading=\"lazy\" decoding=\"async\" class=\"aligncenter wp-image-657\" src=\"https:\/\/lamaisondelabourgade.com\/lesmaisons\/wp-content\/uploads\/2018\/12\/la-famille-marrakech.jpg\" alt=\"\" width=\"308\" height=\"205\" srcset=\"https:\/\/lamaisondelabourgade.com\/lesmaisons\/wp-content\/uploads\/2018\/12\/la-famille-marrakech.jpg 550w, https:\/\/lamaisondelabourgade.com\/lesmaisons\/wp-content\/uploads\/2018\/12\/la-famille-marrakech-300x200.jpg 300w\" sizes=\"(max-width: 308px) 100vw, 308px\" \/><\/td>\n<td style=\"width: 50%;\">\n<div><strong>La Famille<\/strong><\/div>\n<div><strong>Adresse :\u00a034 Derb Jdid, Marrakech 40040, Maroc<br \/><\/strong><strong>Tel : <\/strong><a class=\"fl r-iwrvnwUZfcOE\" title=\"Appeler avec Hangouts\" href=\"https:\/\/www.google.fr\/search?q=la%20famille%20marrakech#\" data-number=\"+212524385295\" data-pstn-out-call-url=\"\" data-rtid=\"iwrvnwUZfcOE\" data-ved=\"2ahUKEwiln-CXhJXfAhVNxxoKHVIuC6wQkAgoADAXegQICRAP\"><strong>+212 5243-85295<\/strong><\/a><\/div>\n<\/td>\n<\/tr>\n<\/tbody>\n<\/table>\n<\/div>\n<p>&nbsp;<\/p>\n<div><\/div>\n<p>&nbsp;<\/p>\n<div><\/div>\n<p>&nbsp;<\/p>\n<h2><span style=\"text-decoration: underline;\">HOTEL :<\/span><\/h2>\n<p>&nbsp;<\/p>\n<table style=\"border-collapse: collapse; width: 100%;\" border=\"1\">\n<tbody>\n<tr>\n<td style=\"width: 50%;\"><img loading=\"lazy\" decoding=\"async\" class=\"aligncenter wp-image-675\" src=\"https:\/\/lamaisondelabourgade.com\/lesmaisons\/wp-content\/uploads\/2018\/12\/dar-al-hossoun.jpg\" alt=\"\" width=\"303\" height=\"183\" srcset=\"https:\/\/lamaisondelabourgade.com\/lesmaisons\/wp-content\/uploads\/2018\/12\/dar-al-hossoun.jpg 550w, https:\/\/lamaisondelabourgade.com\/lesmaisons\/wp-content\/uploads\/2018\/12\/dar-al-hossoun-300x182.jpg 300w\" sizes=\"(max-width: 303px) 100vw, 303px\" \/><\/td>\n<td style=\"width: 50%;\"><strong>Dar Al Hossoun :<\/strong><br \/><strong>Adresse :\u00a0Taroudant, Maroc<\/strong><br \/><strong>Tel : <a class=\"fl r-i5zgAI44RKQE\" title=\"Appeler avec Hangouts\" href=\"https:\/\/www.google.fr\/search?q=dar+al+hossoujn&amp;oq=dar+al+hossoujn&amp;aqs=chrome..69i57j0l5.10096j0j7&amp;sourceid=chrome&amp;ie=UTF-8#\" data-number=\"+212528853476\" data-pstn-out-call-url=\"\" data-rtid=\"i5zgAI44RKQE\" data-ved=\"2ahUKEwjk-quDg5XfAhXx4IUKHT28BuYQkAgoADAWegQICBAH\">+212 5288-53476<\/a><\/strong><br \/><strong>Site :\u00a0<\/strong><a href=\"http:\/\/alhossoun.com\/fr\/\"><strong>http:\/\/alhossoun.com\/fr\/<\/strong><\/a><\/td>\n<\/tr>\n<\/tbody>\n<\/table>\n<p>&nbsp;<\/p>\n<table style=\"border-collapse: collapse; width: 100%;\" border=\"1\">\n<tbody>\n<tr>\n<td style=\"width: 50%;\"><img loading=\"lazy\" decoding=\"async\" class=\"aligncenter wp-image-676\" src=\"https:\/\/lamaisondelabourgade.com\/lesmaisons\/wp-content\/uploads\/2018\/12\/le-jardin-des-douars.jpg\" alt=\"\" width=\"295\" height=\"196\" srcset=\"https:\/\/lamaisondelabourgade.com\/lesmaisons\/wp-content\/uploads\/2018\/12\/le-jardin-des-douars.jpg 550w, https:\/\/lamaisondelabourgade.com\/lesmaisons\/wp-content\/uploads\/2018\/12\/le-jardin-des-douars-300x200.jpg 300w\" sizes=\"(max-width: 295px) 100vw, 295px\" \/><\/td>\n<td style=\"width: 50%;\"><strong>Le Jardin des Douars :<\/strong><br \/><strong>Adresse :\u00a0N1, Essaouira, Maroc<\/strong><br \/><strong>Tel :\u00a0<a class=\"fl r-iosn66c4r7pQ\" title=\"Appeler avec Hangouts\" href=\"https:\/\/www.google.fr\/search?q=jardin+des+douars&amp;oq=jardin+des+douars&amp;aqs=chrome..69i57j0l5.9510j0j7&amp;sourceid=chrome&amp;ie=UTF-8#\" data-number=\"+212524474003\" data-pstn-out-call-url=\"\" data-rtid=\"iosn66c4r7pQ\" data-ved=\"2ahUKEwiElcWgg5XfAhUuyYUKHdlkAewQkAgoADASegQIBxAH\">+212 5244-74003<\/a><\/strong><br \/><strong>Site :\u00a0<\/strong><a href=\"http:\/\/www.jardindesdouars.com\/\"><strong>http:\/\/www.jardindesdouars.com\/<\/strong><\/a><\/td>\n<\/tr>\n<\/tbody>\n<\/table>\n<p>&nbsp;<\/p>\n<table style=\"border-collapse: collapse; width: 101.895%; height: 124px;\" border=\"1\">\n<tbody>\n<tr>\n<td style=\"width: 49.0665%;\"><img loading=\"lazy\" decoding=\"async\" class=\"aligncenter wp-image-677\" src=\"https:\/\/lamaisondelabourgade.com\/lesmaisons\/wp-content\/uploads\/2018\/12\/les-deux-tours-marrakech.jpg\" alt=\"\" width=\"254\" height=\"169\" srcset=\"https:\/\/lamaisondelabourgade.com\/lesmaisons\/wp-content\/uploads\/2018\/12\/les-deux-tours-marrakech.jpg 467w, https:\/\/lamaisondelabourgade.com\/lesmaisons\/wp-content\/uploads\/2018\/12\/les-deux-tours-marrakech-300x199.jpg 300w\" sizes=\"(max-width: 254px) 100vw, 254px\" \/><\/td>\n<td style=\"width: 52.5919%;\"><strong>Les Deux Tours :<\/strong><br \/><strong>Adresse :\u00a0Circuit de la palmeraie, Douar Abiad, Marrakech 40000, Maroc<\/strong><br \/><strong>Tel :\u00a0<a class=\"fl r-ilbv8_Xe2_4M\" title=\"Appeler avec Hangouts\" href=\"https:\/\/www.google.fr\/search?ei=gDkOXLCyL8ee1fAPr_uv4AY&amp;q=les+deux+tours+marrakech&amp;oq=les+deux+tours+&amp;gs_l=psy-ab.3.3.0j0i67j0j0i67l3j0l4.1977.1977..4895...0.0..0.143.143.0j1......0....1..gws-wiz.......0i71.ElhoTWIxGcI#\" data-number=\"+212524329525\" data-pstn-out-call-url=\"\" data-rtid=\"ilbv8_Xe2_4M\" data-ved=\"2ahUKEwjOoNTqgJXfAhWSVBUIHThuBI0QkAgoADARegQIARAH\">+212 5243-29525<\/a><\/strong><br \/><strong>Site :\u00a0<\/strong><a href=\"https:\/\/les-deux-tours.com\/fr\/\"><strong>https:\/\/les-deux-tours.com\/fr\/<\/strong><\/a><\/td>\n<\/tr>\n<\/tbody>\n<\/table>\n<p>&nbsp;<\/p>\n<table style=\"border-collapse: collapse; width: 100%;\" border=\"1\">\n<tbody>\n<tr>\n<td style=\"width: 50%;\"><img loading=\"lazy\" decoding=\"async\" class=\"aligncenter wp-image-679\" src=\"https:\/\/lamaisondelabourgade.com\/lesmaisons\/wp-content\/uploads\/2018\/12\/riad-villa-blanche-1024x576.jpg\" alt=\"\" width=\"268\" height=\"151\" srcset=\"https:\/\/lamaisondelabourgade.com\/lesmaisons\/wp-content\/uploads\/2018\/12\/riad-villa-blanche-1024x576.jpg 1024w, https:\/\/lamaisondelabourgade.com\/lesmaisons\/wp-content\/uploads\/2018\/12\/riad-villa-blanche-300x169.jpg 300w, https:\/\/lamaisondelabourgade.com\/lesmaisons\/wp-content\/uploads\/2018\/12\/riad-villa-blanche-768x432.jpg 768w, https:\/\/lamaisondelabourgade.com\/lesmaisons\/wp-content\/uploads\/2018\/12\/riad-villa-blanche-1080x608.jpg 1080w, https:\/\/lamaisondelabourgade.com\/lesmaisons\/wp-content\/uploads\/2018\/12\/riad-villa-blanche.jpg 1280w\" sizes=\"(max-width: 268px) 100vw, 268px\" \/><\/td>\n<td style=\"width: 50%;\"><strong>Riad Villa Blanche :<\/strong><br \/><strong>Adresse :\u00a0Secteur R n\u00b0 19, Agadir 80000, Maroc<\/strong><br \/><strong>Tel :\u00a0<span class=\"w8qArf\">\u00a0<\/span><span class=\"LrzXr zdqRlf kno-fv\"><a class=\"fl r-izLi9odXqvYw\" title=\"Appeler avec Hangouts\" href=\"https:\/\/www.google.fr\/search?ei=wDgOXOyoNJup1fAP1-ComAY&amp;hotel_occupancy=&amp;q=riad+villa+blanche+agadir&amp;oq=riad+villa+blanche+agadir&amp;gs_l=psy-ab.3..0l2j0i67j0l2j0i67j0i22i30l4.9873.11118..11423...0.0..0.133.883.0j7......0....1..gws-wiz.......0i71.SFrzxgssz5Q#\" data-number=\"+212528211313\" data-pstn-out-call-url=\"\" data-rtid=\"izLi9odXqvYw\" data-ved=\"2ahUKEwjktZ-RgJXfAhWKgpAKHdVSBk8QkAgoADARegQIBxAH\">+212 5282-11313<\/a><br \/><\/span>Site :\u00a0<a href=\"http:\/\/www.riadvillablanche.com\">http:\/\/www.riadvillablanche.com<\/a><\/strong><\/td>\n<\/tr>\n<\/tbody>\n<\/table>\n<p>&nbsp;<\/p>\n<p>[\/et_pb_text][\/et_pb_column][\/et_pb_row][\/et_pb_section]<\/p>\n","protected":false},"excerpt":{"rendered":"<p>Nos coups de coeur &nbsp; &nbsp; RESTAURANTS : &nbsp; La Pizza du Duch\u00e9Adresse :14 Rue Jacques d&rsquo;Uz\u00e8s, Uz\u00e8sTel : 04 66 22 30 42 &nbsp; Les InsolentsAdresse\u00a0: \u00a05 Bd Victor Hugo, 30700 Uz\u00e8sT\u00e9l\u00e9phone\u00a0:\u00a009 53 08 87 05 &nbsp; Restaurant Le Barry Adresse\u00a0: 13 Bd Victor Hugo, 30700 Uz\u00e8s T\u00e9l\u00e9phone\u00a0:\u00a004 66 81 28 97 &nbsp; La [&hellip;]<\/p>\n","protected":false},"author":1,"featured_media":0,"parent":0,"menu_order":0,"comment_status":"closed","ping_status":"closed","template":"","meta":{"_et_pb_use_builder":"on","_et_pb_old_content":"<h1 class=\"font_4\">Evadez-vous avec\u00a0les\u00a0visites d\u00e9couvertes<\/h1>\r\n<div id=\"comp-j3g3sfp6\" class=\"txtNew\" data-reactid=\".0.$SITE_ROOT.$desktop_siteRoot.$PAGES_CONTAINER.$centeredContent.$inlineContent.$SITE_PAGES.$c5n4_DESKTOP.$inlineContent.$id5kf35e_0.$inlineContent.$comp-j3g3sfp6\">\r\n<p class=\"font_6\"><img class=\"alignleft wp-image-602\" src=\"http:\/\/lamaisondelabourgade.com\/lesmaisons\/wp-content\/uploads\/2017\/09\/autourdechezmoi.png\" alt=\"\" width=\"202\" height=\"252\" \/>Au Tour de Chez Moi....\r\nSAMYA, c\u2019est qui ? C\u2019est une femme passionn\u00e9e par sa r\u00e9gion, dans laquelle elle a toujours v\u00e9cu. N\u00e9e \u00e0 Avignon. Depuis toujours, elle habite \u00e0 Uz\u00e8s o\u00f9 elle est connue et reconnue. Elle a m\u00eame eu la chance d\u2019y avoir un commerce.\r\nAujourd\u2019hui, elle vous propose de d\u00e9couvrir les nombreuses richesses de la Provence... Son intention premi\u00e8re ? Vous apprendre les petits secrets de cette belle r\u00e9gion tout en vous emmenant \u00e0 la rencontre de producteurs locaux qui vous d\u00e9voileront de nouvelles saveurs... Parce que oui, le Sud, c\u2019est un peu comme \u00eatre en vacances, sauf que cela dure toute l\u2019ann\u00e9e.\u00a0Savourez\u00a0l\u2019espace d\u2019un bref instant, les secrets de fabrication de ses produits. D\u00e9gustez\u00a0avec plaisir ses nouvelles saveurs.<\/p>\r\nT\u00e9l : 06 34 18 82 67\r\n\r\nhttps:\/\/www.autourdechezmoitourisme.com\/\r\n<h3><a href=\"https:\/\/www.autourdechezmoitourisme.com\/\"><strong>Lire LA Suite\u00a0<\/strong><\/a><\/h3>\r\n<\/div>\r\n\u00a0\r\n\r\n\u00a0\r\n<p class=\"font_8\"><img class=\"alignleft size-medium wp-image-604\" src=\"http:\/\/lamaisondelabourgade.com\/lesmaisons\/wp-content\/uploads\/2017\/09\/Capture-300x39.png\" alt=\"\" width=\"300\" height=\"39\" \/><\/p>\r\nWinery Plus Tours\u00a0was begun in 2011 and is based near the splendid medieval town of Uzes, France. Close to world renowned Chateauneuf du Pape and the exciting vineyards of the Languedoc, the region has much to offer; fabulous wines, great food and a big, open, new world feel. We create small group wine and food tours\u00a0PLUS\u00a0much more \u2013 cooking classes, historical guides, sport and leisure activities etc.. can all be arranged for you.\r\n<p class=\"font_8\">The company is run by former chef, wine expert and writer Joe McLean. Joe began his career in photo-journalism before working as a chef for many years. He trained with the Wine and Spirit Education Trust, reaching the Diploma level. For nine years, Joe was an\u00a0\u0153nology and viticulture guest lecturer at the prestigious University of Wine, near Orange.<\/p>\r\n<a href=\"https:\/\/www.wineryplustours.com\/\">https:\/\/www.wineryplustours.com\/ \u00a0<\/a> \u00a0 \u00a0T\u00e9l:\u00a0<span class=\"color_11\">+33 (0)6 73 08 23 97<\/span>\r\n\r\n\u00a0\r\n\r\n<img class=\"alignleft size-large wp-image-605\" src=\"http:\/\/lamaisondelabourgade.com\/lesmaisons\/wp-content\/uploads\/2017\/09\/Capture2-1024x139.png\" alt=\"\" width=\"1024\" height=\"139\" \/>\r\n\r\n\u00a0\r\n\r\n\u00a0\r\n\r\n\u00a0\r\n<h2>Welcome to France-Bike!<\/h2>\r\nFrance-Bike has long been THE specialist for high-quality\u00a0<strong><a href=\"https:\/\/www.france-bike.com\/en\/biking-destinations\/france\/\" target=\"_blank\" rel=\"noopener\">cycling trips in France and across Europe.\u00a0<\/a><\/strong>\r\nWith us you can now discover all the areas of the wonderful Schlaraffenland by bike.\r\nFrance and, in particular, our\u00a0<strong><a href=\"https:\/\/www.france-bike.com\/en\/our-bike-tours\/travel\/canal-du-midi-1\/\" target=\"_blank\" rel=\"noopener\">cycling\u00a0trips along the<\/a><a href=\"https:\/\/www.france-bike.com\/en\/our-bike-tours\/travel\/canal-du-midi-1\/\" target=\"_blank\" rel=\"noopener\">\u00a0<\/a><a href=\"https:\/\/www.france-bike.com\/en\/our-bike-tours\/travel\/canal-du-midi-1\/\" target=\"_blank\" rel=\"noopener\">Canal du Midi<\/a><\/strong>\u00a0and the\u00a0<a href=\"https:\/\/www.france-bike.com\/en\/biking-destinations\/france\/bike-tours-provence\/\" target=\"_blank\" rel=\"noopener\"><strong>bike tour in Provence<\/strong><\/a>\u00a0will continue to be the focus of our travel program, but we are not just staying with good food and wine, and infact we enjoy culinary and cultural delights in many, if not almost all European countries.\r\nFor example, we also offer\u00a0<a href=\"https:\/\/www.france-bike.com\/en\/biking-destinations\/germany\/\" target=\"_blank\" rel=\"noopener\"><strong>cycling holidays in Germany<\/strong><\/a>,\u00a0<a href=\"https:\/\/www.france-bike.com\/en\/biking-destinations\/italy\/\" target=\"_blank\" rel=\"noopener\"><strong>bike tours in Italy<\/strong><\/a>\u00a0or\u00a0<a href=\"https:\/\/www.france-bike.com\/en\/biking-destinations\/spain\/\" target=\"_blank\" rel=\"noopener\"><strong>bike tours in Spain<\/strong><\/a>.\r\nOur river\u00a0<strong><a href=\"https:\/\/www.france-bike.com\/en\/biking-destinations\/austria\/\" target=\"_blank\" rel=\"noopener\">bike tours in\u00a0<\/a><a href=\"https:\/\/www.france-bike.com\/en\/biking-destinations\/austria\/\" target=\"_blank\" rel=\"noopener\">Austria<\/a>\u00a0<\/strong>and Veloland\u00a0<a href=\"https:\/\/www.france-bike.com\/en\/biking-destinations\/switzerland\/http:\/\/\" target=\"_blank\" rel=\"noopener\"><strong>Switzerland<\/strong><\/a>\u00a0are also very popular.\r\nOr maybe if you still prefer cycling in the sunny Mediterranean - why not try\u00a0<a href=\"https:\/\/www.france-bike.com\/en\/our-bike-tours\/?destination=Mallorca&type1=&days=&date=08.09.2017&dateReturn=&search=1http:\/\/\" target=\"_blank\" rel=\"noopener\"><strong>Majorca<\/strong><\/a>?\r\nWe at France-Bike have the right cycling trip for you.\r\nOur motto remains \"Classy, not for the masses\", and we still believe in personally taking care of every passenger.\r\n\r\nYours sincerely\r\nProf. Dr. Dr.ce Josef Smets, founder and owner of France-Bike\r\n\r\n<a href=\"https:\/\/www.france-bike.com\/\">https:\/\/www.france-bike.com\/<\/a>\r\n<h1><span style=\"text-decoration: underline;\">Uz\u00e8s :<\/span><\/h1>\r\n<h2><span style=\"text-decoration: underline;\">RESTAURANT :<\/span><\/h2>\r\n-La Pizza du Duch\u00e9\r\n\r\n<span class=\"w8qArf\">Adresse :<\/span>14 Rue Jacques d'Uz\u00e8s, Uz\u00e8s\r\n<div class=\"_4bl9\">\r\n<div>Tel : 04 66 22 30 42<\/div>\r\n<\/div>\r\n<div><\/div>\r\n<h2><span style=\"text-decoration: underline;\">HOTEL :<\/span><\/h2>\r\n<div><\/div>\r\n<div>-Domaine de Fos<\/div>\r\n<div>Adresse :\u00a0119 chemin de fos, 30700 Uz\u00e8s - Montaren et Saint-M\u00e9diers<\/div>\r\n<div>Tel :<a class=\"fl r-ipR7bZVMVozM\" title=\"Appeler avec Hangouts\" href=\"https:\/\/www.google.fr\/search?q=domaine+de+fos&oq=domaine+de+fos&aqs=chrome..69i57j0l5.5464j0j7&sourceid=chrome&ie=UTF-8#\" data-number=\"+33466623438\" data-pstn-out-call-url=\"\" data-rtid=\"ipR7bZVMVozM\" data-ved=\"2ahUKEwi35aiziZXfAhVS-YUKHSE7CiYQkAgoADASegQICRAH\">04 66 62 34 38<\/a><\/div>\r\n<div>Site :\u00a0<a href=\"https:\/\/domainedefos.com\/\">https:\/\/domainedefos.com\/<\/a><\/div>\r\n<div><\/div>\r\n<div>-Villa Fauve<\/div>\r\n<div>Adresse :\u00a01 Rue des Templiers, 30700 Saint-Maximin<\/div>\r\n<div>Tel :\u00a0<a class=\"fl r-iEkvZv_kAotM\" title=\"Appeler avec Hangouts\" href=\"https:\/\/www.google.fr\/search?q=villa+favue&oq=villa+favue&aqs=chrome..69i57j0l5.4106j0j4&sourceid=chrome&ie=UTF-8#\" data-number=\"+33466634011\" data-pstn-out-call-url=\"\" data-rtid=\"iEkvZv_kAotM\" data-ved=\"2ahUKEwjSro6ai5XfAhXoWxUIHV_BD48QkAgoADAXegQICBAH\">04 66 63 40 11<\/a><\/div>\r\n<div>site :<a href=\"https:\/\/www.villafauve.com\/\">\u00a0https:\/\/www.villafauve.com\/<\/a><\/div>\r\n<div><\/div>\r\n<div>-Bivouac Insolite<\/div>\r\n<div>Adresse :\u00a0Lieu dit Graousse, 30270 Saint-Jean-du-Gard<\/div>\r\n<div>Tel :\u00a0<a class=\"fl r-iWVB4md3UwcQ\" title=\"Appeler avec Hangouts\" href=\"https:\/\/www.google.fr\/search?q=bivouac+insolitre&oq=bivouac+insolitre+&aqs=chrome..69i57j0.4440j0j9&sourceid=chrome&ie=UTF-8#\" data-number=\"+33466853690\" data-pstn-out-call-url=\"\" data-rtid=\"iWVB4md3UwcQ\" data-ved=\"2ahUKEwjh2v7Pi5XfAhWmz4UKHRcMAoUQkAgoADATegQIAhAH\">04 66 85 36 90<\/a><\/div>\r\n<div><\/div>\r\n<h2><span style=\"text-decoration: underline;\">MAGASIN :<\/span><\/h2>\r\n<div><\/div>\r\n<div>-Athezza<\/div>\r\n<div>Adresse :\u00a0Zone Industrielle Mas de Meze, Chemin de l'Ancienne Gare, 30700 Uz\u00e8s<\/div>\r\n<div>Tel :\u00a0<strong><a class=\"fl r-i964cTWg5ULA\" title=\"Appeler avec Hangouts\" href=\"https:\/\/www.google.fr\/search?ei=TkYOXOupIIyOlwThgoUw&q=athezza&oq=athezza&gs_l=psy-ab.3..35i39j0l9.2575.5572..6223...1.0..0.150.1063.0j8......0....1..gws-wiz.......0i71j0i67j0i131j0i10.4x59d9sIVlE&hl=fr&authuser=0&npsic=0&rflfq=1&rlha=0&rllag=44017346,4400726,302&tbm=lcl&rldimm=16360321666038971874&ved=2ahUKEwjg4MaFjZXfAhXnpVkKHSEhD9cQvS4wCHoECAEQHA&rldoc=1&tbs=lrf:!2m1!1e2!3sIAE,lf:1,lf_ui:2#\" data-number=\"+33466030013\" data-pstn-out-call-url=\"\" data-rtid=\"i964cTWg5ULA\" data-ved=\"2ahUKEwiAib2LjZXfAhUPyRoKHWcECm0QkAgoADAFegQIARAt\">04 66 03 00 13<\/a><\/strong><\/div>\r\n<div><\/div>\r\n<div>-Galerie jean Louis Fages<\/div>\r\n<div>Adresse :\u00a0<span class=\"w8qArf\">\u00a0<\/span><span class=\"LrzXr\">8 Rue Racine, 30000 N\u00eemes<\/span><\/div>\r\n<div>Tel :\u00a0<span class=\"w8qArf\">\u00a0<\/span><span class=\"LrzXr zdqRlf kno-fv\"><a class=\"fl r-iRzkHd_k8Fg0\" title=\"Appeler avec Hangouts\" href=\"https:\/\/www.google.fr\/search?hl=fr&authuser=0&tbm=lcl&ei=YEYOXOb0FYyUlwS1z4jgAg&q=galeie+jean+louis+fages&oq=galeie+jean+louis+fages&gs_l=psy-ab.3..0i13k1.157525.166044.0.166180.31.25.1.0.0.0.320.2487.0j8j4j1.13.0....0...1c.1.64.psy-ab..17.14.2464...0j0i10k1j0i10i30k1j0i30k1j0i131k1j0i22i30k1j0i8i13i30k1.0.L5qW4OB_82k#\" data-number=\"+33466271194\" data-pstn-out-call-url=\"\" data-rtid=\"iRzkHd_k8Fg0\" data-ved=\"2ahUKEwiNvpLbjZXfAhUHuRoKHf3MABcQkAgoADAFegQIARAn\">04 66 27 11 94<\/a><\/span><\/div>\r\n<h1 style=\"text-align: justify;\"><em><strong><span style=\"text-decoration: underline;\">Marakech :<\/span><\/strong><\/em><\/h1>\r\n<div><\/div>\r\n<div>\r\n<div class=\"_4bl9\">\r\n<h2><span class=\"_2iem\"><span style=\"text-decoration: underline;\">Restaurants :<\/span><\/span><\/h2>\r\n<div><\/div>\r\n<\/div>\r\n<\/div>\r\n<div>-Grand cafe de la poste<\/div>\r\n<div><span class=\"w8qArf\">Adresse :\u00a0<\/span><span class=\"LrzXr\">Avenue Imam Malik, Marrakech 40000, Maroc<\/span><\/div>\r\n<div>Tel:\u00a0<a class=\"fl r-iqChSLQCzphk\" title=\"Appeler avec Hangouts\" href=\"https:\/\/www.google.fr\/search?q=grand+caf%C3%A9+de+la+poste+marrakech&oq=grand+cafe+de+la+poste&aqs=chrome.1.69i57j0l5.11280j0j7&sourceid=chrome&ie=UTF-8#\" data-number=\"+212524433038\" data-pstn-out-call-url=\"\" data-rtid=\"iqChSLQCzphk\" data-ved=\"2ahUKEwjHv-z2gJXfAhVGXhoKHUGBD_UQkAgoADAWegQIBRAP\">+212 5244-33038<\/a><\/div>\r\n<div>Site :\u00a0<a href=\"https:\/\/www.grandcafedelaposte.restaurant\/\">https:\/\/www.grandcafedelaposte.restaurant\/<\/a><\/div>\r\n<div><\/div>\r\n<div>-La Famille<\/div>\r\n<div>Adresse :\u00a034 Derb Jdid, Marrakech 40040, Maroc<\/div>\r\n<div>Tel : <a class=\"fl r-iwrvnwUZfcOE\" title=\"Appeler avec Hangouts\" href=\"https:\/\/www.google.fr\/search?q=la%20famille%20marrakech#\" data-number=\"+212524385295\" data-pstn-out-call-url=\"\" data-rtid=\"iwrvnwUZfcOE\" data-ved=\"2ahUKEwiln-CXhJXfAhVNxxoKHVIuC6wQkAgoADAXegQICRAP\">+212 5243-85295<\/a><\/div>\r\n<div class=\"GDRHkb r-iH3PWVAK3iak\"><\/div>\r\n<h2><span style=\"text-decoration: underline;\">HOTEL :<\/span><\/h2>\r\n<div><\/div>\r\n<div>Dar al Hosson :<\/div>\r\n<div>Adresse :\u00a0Taroudant, Maroc<\/div>\r\n<div>Tel : <a class=\"fl r-i5zgAI44RKQE\" title=\"Appeler avec Hangouts\" href=\"https:\/\/www.google.fr\/search?q=dar+al+hossoujn&oq=dar+al+hossoujn&aqs=chrome..69i57j0l5.10096j0j7&sourceid=chrome&ie=UTF-8#\" data-number=\"+212528853476\" data-pstn-out-call-url=\"\" data-rtid=\"i5zgAI44RKQE\" data-ved=\"2ahUKEwjk-quDg5XfAhXx4IUKHT28BuYQkAgoADAWegQICBAH\">+212 5288-53476<\/a><\/div>\r\n<div>Site :\u00a0<a href=\"http:\/\/alhossoun.com\/fr\/\"><strong>http:\/\/alhossoun.com\/fr\/<\/strong><\/a><\/div>\r\n<div><\/div>\r\n<div>Le jardin des douars :<\/div>\r\n<div>Adresse :\u00a0N1, Essaouira, Maroc<\/div>\r\n<div>Tel :\u00a0<a class=\"fl r-iosn66c4r7pQ\" title=\"Appeler avec Hangouts\" href=\"https:\/\/www.google.fr\/search?q=jardin+des+douars&oq=jardin+des+douars&aqs=chrome..69i57j0l5.9510j0j7&sourceid=chrome&ie=UTF-8#\" data-number=\"+212524474003\" data-pstn-out-call-url=\"\" data-rtid=\"iosn66c4r7pQ\" data-ved=\"2ahUKEwiElcWgg5XfAhUuyYUKHdlkAewQkAgoADASegQIBxAH\">+212 5244-74003<\/a><\/div>\r\n<div>Site :\u00a0<a href=\"http:\/\/www.jardindesdouars.com\/\">http:\/\/www.jardindesdouars.com\/<\/a><\/div>\r\n<div><\/div>\r\n<div>Les Deux Tours :<\/div>\r\n<div>Adresse :\u00a0Circuit de la palmeraie, Douar Abiad, Marrakech 40000, Maroc<\/div>\r\n<div>Tel :\u00a0<a class=\"fl r-ilbv8_Xe2_4M\" title=\"Appeler avec Hangouts\" href=\"https:\/\/www.google.fr\/search?ei=gDkOXLCyL8ee1fAPr_uv4AY&q=les+deux+tours+marrakech&oq=les+deux+tours+&gs_l=psy-ab.3.3.0j0i67j0j0i67l3j0l4.1977.1977..4895...0.0..0.143.143.0j1......0....1..gws-wiz.......0i71.ElhoTWIxGcI#\" data-number=\"+212524329525\" data-pstn-out-call-url=\"\" data-rtid=\"ilbv8_Xe2_4M\" data-ved=\"2ahUKEwjOoNTqgJXfAhWSVBUIHThuBI0QkAgoADARegQIARAH\">+212 5243-29525<\/a><\/div>\r\n<div>Site :\u00a0<a href=\"https:\/\/les-deux-tours.com\/fr\/\">https:\/\/les-deux-tours.com\/fr\/<\/a><\/div>\r\n<div><\/div>\r\n<div>Riad Villa Blanche :<\/div>\r\n<div>Adresse :\u00a0Secteur R n\u00b0 19, Agadir 80000, Maroc<\/div>\r\n<div>Tel :\u00a0<span class=\"w8qArf\">\u00a0<\/span><span class=\"LrzXr zdqRlf kno-fv\"><a class=\"fl r-izLi9odXqvYw\" title=\"Appeler avec Hangouts\" href=\"https:\/\/www.google.fr\/search?ei=wDgOXOyoNJup1fAP1-ComAY&hotel_occupancy=&q=riad+villa+blanche+agadir&oq=riad+villa+blanche+agadir&gs_l=psy-ab.3..0l2j0i67j0l2j0i67j0i22i30l4.9873.11118..11423...0.0..0.133.883.0j7......0....1..gws-wiz.......0i71.SFrzxgssz5Q#\" data-number=\"+212528211313\" data-pstn-out-call-url=\"\" data-rtid=\"izLi9odXqvYw\" data-ved=\"2ahUKEwjktZ-RgJXfAhWKgpAKHdVSBk8QkAgoADARegQIBxAH\">+212 5282-11313<\/a><\/span><\/div>\r\n<div>Site :\u00a0<a href=\"http:\/\/www.riadvillablanche.com\">http:\/\/www.riadvillablanche.com<\/a><\/div>\r\n<div><\/div>\r\n<div><span style=\"text-decoration: underline;\">BOUTIQUES :<\/span><\/div>\r\n<div><\/div>","_et_gb_content_width":"","footnotes":""},"class_list":["post-601","page","type-page","status-publish","hentry"],"yoast_head":"<!-- This site is optimized with the Yoast SEO plugin v27.5 - https:\/\/yoast.com\/product\/yoast-seo-wordpress\/ -->\n<title>Nos Coups de Coeur - Maisons d&#039;h\u00f4tes \u00e0 Uz\u00e9s<\/title>\n<meta name=\"robots\" content=\"index, follow, max-snippet:-1, max-image-preview:large, max-video-preview:-1\" \/>\n<link rel=\"canonical\" href=\"https:\/\/lamaisondelabourgade.com\/lesmaisons\/liens\/\" \/>\n<meta property=\"og:locale\" content=\"fr_FR\" \/>\n<meta property=\"og:type\" content=\"article\" \/>\n<meta property=\"og:title\" content=\"Nos Coups de Coeur - Maisons d&#039;h\u00f4tes \u00e0 Uz\u00e9s\" \/>\n<meta property=\"og:description\" content=\"Nos coups de coeur &nbsp; &nbsp; RESTAURANTS : &nbsp; La Pizza du Duch\u00e9Adresse :14 Rue Jacques d&#039;Uz\u00e8s, Uz\u00e8sTel : 04 66 22 30 42 &nbsp; Les InsolentsAdresse\u00a0: \u00a05 Bd Victor Hugo, 30700 Uz\u00e8sT\u00e9l\u00e9phone\u00a0:\u00a009 53 08 87 05 &nbsp; Restaurant Le Barry Adresse\u00a0: 13 Bd Victor Hugo, 30700 Uz\u00e8s T\u00e9l\u00e9phone\u00a0:\u00a004 66 81 28 97 &nbsp; La [&hellip;]\" \/>\n<meta property=\"og:url\" content=\"https:\/\/lamaisondelabourgade.com\/lesmaisons\/liens\/\" \/>\n<meta property=\"og:site_name\" content=\"Maisons d&#039;h\u00f4tes \u00e0 Uz\u00e9s\" \/>\n<meta property=\"article:modified_time\" content=\"2024-10-17T09:28:31+00:00\" \/>\n<meta property=\"og:image\" content=\"https:\/\/lamaisondelabourgade.com\/lesmaisons\/wp-content\/uploads\/2018\/12\/la-famille-uzew.jpg\" \/>\n<meta name=\"twitter:card\" content=\"summary_large_image\" \/>\n<meta name=\"twitter:label1\" content=\"Dur\u00e9e de lecture estim\u00e9e\" \/>\n\t<meta name=\"twitter:data1\" content=\"2 minutes\" \/>\n<script type=\"application\/ld+json\" class=\"yoast-schema-graph\">{\"@context\":\"https:\\\/\\\/schema.org\",\"@graph\":[{\"@type\":\"WebPage\",\"@id\":\"https:\\\/\\\/lamaisondelabourgade.com\\\/lesmaisons\\\/liens\\\/\",\"url\":\"https:\\\/\\\/lamaisondelabourgade.com\\\/lesmaisons\\\/liens\\\/\",\"name\":\"Nos Coups de Coeur - Maisons d&#039;h\u00f4tes \u00e0 Uz\u00e9s\",\"isPartOf\":{\"@id\":\"https:\\\/\\\/lamaisondelabourgade.com\\\/lesmaisons\\\/#website\"},\"primaryImageOfPage\":{\"@id\":\"https:\\\/\\\/lamaisondelabourgade.com\\\/lesmaisons\\\/liens\\\/#primaryimage\"},\"image\":{\"@id\":\"https:\\\/\\\/lamaisondelabourgade.com\\\/lesmaisons\\\/liens\\\/#primaryimage\"},\"thumbnailUrl\":\"https:\\\/\\\/lamaisondelabourgade.com\\\/lesmaisons\\\/wp-content\\\/uploads\\\/2018\\\/12\\\/la-famille-uzew.jpg\",\"datePublished\":\"2017-09-18T13:16:00+00:00\",\"dateModified\":\"2024-10-17T09:28:31+00:00\",\"breadcrumb\":{\"@id\":\"https:\\\/\\\/lamaisondelabourgade.com\\\/lesmaisons\\\/liens\\\/#breadcrumb\"},\"inLanguage\":\"fr-FR\",\"potentialAction\":[{\"@type\":\"ReadAction\",\"target\":[\"https:\\\/\\\/lamaisondelabourgade.com\\\/lesmaisons\\\/liens\\\/\"]}]},{\"@type\":\"ImageObject\",\"inLanguage\":\"fr-FR\",\"@id\":\"https:\\\/\\\/lamaisondelabourgade.com\\\/lesmaisons\\\/liens\\\/#primaryimage\",\"url\":\"https:\\\/\\\/lamaisondelabourgade.com\\\/lesmaisons\\\/wp-content\\\/uploads\\\/2018\\\/12\\\/la-famille-uzew.jpg\",\"contentUrl\":\"https:\\\/\\\/lamaisondelabourgade.com\\\/lesmaisons\\\/wp-content\\\/uploads\\\/2018\\\/12\\\/la-famille-uzew.jpg\",\"width\":452,\"height\":450},{\"@type\":\"BreadcrumbList\",\"@id\":\"https:\\\/\\\/lamaisondelabourgade.com\\\/lesmaisons\\\/liens\\\/#breadcrumb\",\"itemListElement\":[{\"@type\":\"ListItem\",\"position\":1,\"name\":\"Accueil\",\"item\":\"https:\\\/\\\/lamaisondelabourgade.com\\\/lesmaisons\\\/\"},{\"@type\":\"ListItem\",\"position\":2,\"name\":\"Nos Coups de Coeur\"}]},{\"@type\":\"WebSite\",\"@id\":\"https:\\\/\\\/lamaisondelabourgade.com\\\/lesmaisons\\\/#website\",\"url\":\"https:\\\/\\\/lamaisondelabourgade.com\\\/lesmaisons\\\/\",\"name\":\"Maisons d&#039;h\u00f4tes \u00e0 Uz\u00e9s\",\"description\":\"Deux maisons d&#039;h\u00f4tes au coeur de la ville d&#039;uz\u00e9s\",\"potentialAction\":[{\"@type\":\"SearchAction\",\"target\":{\"@type\":\"EntryPoint\",\"urlTemplate\":\"https:\\\/\\\/lamaisondelabourgade.com\\\/lesmaisons\\\/?s={search_term_string}\"},\"query-input\":{\"@type\":\"PropertyValueSpecification\",\"valueRequired\":true,\"valueName\":\"search_term_string\"}}],\"inLanguage\":\"fr-FR\"}]}<\/script>\n<!-- \/ Yoast SEO plugin. -->","yoast_head_json":{"title":"Nos Coups de Coeur - Maisons d&#039;h\u00f4tes \u00e0 Uz\u00e9s","robots":{"index":"index","follow":"follow","max-snippet":"max-snippet:-1","max-image-preview":"max-image-preview:large","max-video-preview":"max-video-preview:-1"},"canonical":"https:\/\/lamaisondelabourgade.com\/lesmaisons\/liens\/","og_locale":"fr_FR","og_type":"article","og_title":"Nos Coups de Coeur - Maisons d&#039;h\u00f4tes \u00e0 Uz\u00e9s","og_description":"Nos coups de coeur &nbsp; &nbsp; RESTAURANTS : &nbsp; La Pizza du Duch\u00e9Adresse :14 Rue Jacques d'Uz\u00e8s, Uz\u00e8sTel : 04 66 22 30 42 &nbsp; Les InsolentsAdresse\u00a0: \u00a05 Bd Victor Hugo, 30700 Uz\u00e8sT\u00e9l\u00e9phone\u00a0:\u00a009 53 08 87 05 &nbsp; Restaurant Le Barry Adresse\u00a0: 13 Bd Victor Hugo, 30700 Uz\u00e8s T\u00e9l\u00e9phone\u00a0:\u00a004 66 81 28 97 &nbsp; La [&hellip;]","og_url":"https:\/\/lamaisondelabourgade.com\/lesmaisons\/liens\/","og_site_name":"Maisons d&#039;h\u00f4tes \u00e0 Uz\u00e9s","article_modified_time":"2024-10-17T09:28:31+00:00","og_image":[{"url":"https:\/\/lamaisondelabourgade.com\/lesmaisons\/wp-content\/uploads\/2018\/12\/la-famille-uzew.jpg","type":"","width":"","height":""}],"twitter_card":"summary_large_image","twitter_misc":{"Dur\u00e9e de lecture estim\u00e9e":"2 minutes"},"schema":{"@context":"https:\/\/schema.org","@graph":[{"@type":"WebPage","@id":"https:\/\/lamaisondelabourgade.com\/lesmaisons\/liens\/","url":"https:\/\/lamaisondelabourgade.com\/lesmaisons\/liens\/","name":"Nos Coups de Coeur - Maisons d&#039;h\u00f4tes \u00e0 Uz\u00e9s","isPartOf":{"@id":"https:\/\/lamaisondelabourgade.com\/lesmaisons\/#website"},"primaryImageOfPage":{"@id":"https:\/\/lamaisondelabourgade.com\/lesmaisons\/liens\/#primaryimage"},"image":{"@id":"https:\/\/lamaisondelabourgade.com\/lesmaisons\/liens\/#primaryimage"},"thumbnailUrl":"https:\/\/lamaisondelabourgade.com\/lesmaisons\/wp-content\/uploads\/2018\/12\/la-famille-uzew.jpg","datePublished":"2017-09-18T13:16:00+00:00","dateModified":"2024-10-17T09:28:31+00:00","breadcrumb":{"@id":"https:\/\/lamaisondelabourgade.com\/lesmaisons\/liens\/#breadcrumb"},"inLanguage":"fr-FR","potentialAction":[{"@type":"ReadAction","target":["https:\/\/lamaisondelabourgade.com\/lesmaisons\/liens\/"]}]},{"@type":"ImageObject","inLanguage":"fr-FR","@id":"https:\/\/lamaisondelabourgade.com\/lesmaisons\/liens\/#primaryimage","url":"https:\/\/lamaisondelabourgade.com\/lesmaisons\/wp-content\/uploads\/2018\/12\/la-famille-uzew.jpg","contentUrl":"https:\/\/lamaisondelabourgade.com\/lesmaisons\/wp-content\/uploads\/2018\/12\/la-famille-uzew.jpg","width":452,"height":450},{"@type":"BreadcrumbList","@id":"https:\/\/lamaisondelabourgade.com\/lesmaisons\/liens\/#breadcrumb","itemListElement":[{"@type":"ListItem","position":1,"name":"Accueil","item":"https:\/\/lamaisondelabourgade.com\/lesmaisons\/"},{"@type":"ListItem","position":2,"name":"Nos Coups de Coeur"}]},{"@type":"WebSite","@id":"https:\/\/lamaisondelabourgade.com\/lesmaisons\/#website","url":"https:\/\/lamaisondelabourgade.com\/lesmaisons\/","name":"Maisons d&#039;h\u00f4tes \u00e0 Uz\u00e9s","description":"Deux maisons d&#039;h\u00f4tes au coeur de la ville d&#039;uz\u00e9s","potentialAction":[{"@type":"SearchAction","target":{"@type":"EntryPoint","urlTemplate":"https:\/\/lamaisondelabourgade.com\/lesmaisons\/?s={search_term_string}"},"query-input":{"@type":"PropertyValueSpecification","valueRequired":true,"valueName":"search_term_string"}}],"inLanguage":"fr-FR"}]}},"_links":{"self":[{"href":"https:\/\/lamaisondelabourgade.com\/lesmaisons\/wp-json\/wp\/v2\/pages\/601","targetHints":{"allow":["GET"]}}],"collection":[{"href":"https:\/\/lamaisondelabourgade.com\/lesmaisons\/wp-json\/wp\/v2\/pages"}],"about":[{"href":"https:\/\/lamaisondelabourgade.com\/lesmaisons\/wp-json\/wp\/v2\/types\/page"}],"author":[{"embeddable":true,"href":"https:\/\/lamaisondelabourgade.com\/lesmaisons\/wp-json\/wp\/v2\/users\/1"}],"replies":[{"embeddable":true,"href":"https:\/\/lamaisondelabourgade.com\/lesmaisons\/wp-json\/wp\/v2\/comments?post=601"}],"version-history":[{"count":39,"href":"https:\/\/lamaisondelabourgade.com\/lesmaisons\/wp-json\/wp\/v2\/pages\/601\/revisions"}],"predecessor-version":[{"id":838,"href":"https:\/\/lamaisondelabourgade.com\/lesmaisons\/wp-json\/wp\/v2\/pages\/601\/revisions\/838"}],"wp:attachment":[{"href":"https:\/\/lamaisondelabourgade.com\/lesmaisons\/wp-json\/wp\/v2\/media?parent=601"}],"curies":[{"name":"wp","href":"https:\/\/api.w.org\/{rel}","templated":true}]}}