{"id":127,"date":"2016-07-28T14:53:58","date_gmt":"2016-07-28T12:53:58","guid":{"rendered":"http:\/\/lamaisondelabourgade.com\/lesmaisons\/?page_id=127"},"modified":"2016-07-29T08:10:58","modified_gmt":"2016-07-29T06:10:58","slug":"ville-duzes","status":"publish","type":"page","link":"https:\/\/lamaisondelabourgade.com\/lesmaisons\/ville-duzes\/","title":{"rendered":"Ville d&rsquo;Uz\u00e9s"},"content":{"rendered":"<p>[et_pb_section admin_label=\u00a0\u00bbsection\u00a0\u00bb][et_pb_row admin_label=\u00a0\u00bbrow\u00a0\u00bb][et_pb_column type=\u00a0\u00bb4_4&Prime;][et_pb_post_title admin_label=\u00a0\u00bbTitre du poste\u00a0\u00bb title=\u00a0\u00bbon\u00a0\u00bb meta=\u00a0\u00bbon\u00a0\u00bb author=\u00a0\u00bboff\u00a0\u00bb date=\u00a0\u00bboff\u00a0\u00bb categories=\u00a0\u00bbon\u00a0\u00bb comments=\u00a0\u00bbon\u00a0\u00bb featured_image=\u00a0\u00bbon\u00a0\u00bb featured_placement=\u00a0\u00bbbelow\u00a0\u00bb parallax_effect=\u00a0\u00bbon\u00a0\u00bb parallax_method=\u00a0\u00bbon\u00a0\u00bb text_orientation=\u00a0\u00bbleft\u00a0\u00bb text_color=\u00a0\u00bbdark\u00a0\u00bb text_background=\u00a0\u00bboff\u00a0\u00bb text_bg_color=\u00a0\u00bbrgba(255,255,255,0.9)\u00a0\u00bb module_bg_color=\u00a0\u00bbrgba(255,255,255,0)\u00a0\u00bb title_all_caps=\u00a0\u00bboff\u00a0\u00bb use_border_color=\u00a0\u00bboff\u00a0\u00bb border_color=\u00a0\u00bb#ffffff\u00a0\u00bb border_style=\u00a0\u00bbsolid\u00a0\u00bb] [\/et_pb_post_title][et_pb_text admin_label=\u00a0\u00bbTexte\u00a0\u00bb background_layout=\u00a0\u00bblight\u00a0\u00bb text_orientation=\u00a0\u00bbleft\u00a0\u00bb use_border_color=\u00a0\u00bboff\u00a0\u00bb border_color=\u00a0\u00bb#ffffff\u00a0\u00bb border_style=\u00a0\u00bbsolid\u00a0\u00bb]<\/p>\n<p>Uz\u00e8s est une ville du Gard, en r\u00e9gion Languedoc-Roussillon, situ\u00e9e \u00e0 la crois\u00e9e des chemins entre Al\u00e8s, Avignon et N\u00eemes. Elle est class\u00e9e ville d&rsquo;art et d&rsquo;histoire. On y aime son art de vivre.<br \/>\nElle est bord\u00e9e de vignes, d&rsquo;oliviers et de garrigue et baign\u00e9e d&rsquo;une lumi\u00e8re exquise.<br \/>\nLes rues pi\u00e9tonnes pav\u00e9es en pierre de Tieule serpentent dans un centre ville qui invite \u00e0 la fl\u00e2nerie.<br \/>\nLa place aux Herbes accueille sous ses hauts platanes un march\u00e9 hebdomadaire tr\u00e8s proven\u00e7al.<br \/>\nLe monument le plus symbolique de la ville, apr\u00e8s le Duch\u00e9 et le ch\u00e2teau des ducs d&rsquo;Uz\u00e8s, est la tour Fenestrelle.<\/p>\n<p>[\/et_pb_text][et_pb_gallery admin_label=\u00a0\u00bbGalerie\u00a0\u00bb gallery_ids=\u00a0\u00bb128,129,130,131,132&Prime; fullwidth=\u00a0\u00bboff\u00a0\u00bb show_title_and_caption=\u00a0\u00bboff\u00a0\u00bb show_pagination=\u00a0\u00bbon\u00a0\u00bb background_layout=\u00a0\u00bblight\u00a0\u00bb auto=\u00a0\u00bboff\u00a0\u00bb hover_overlay_color=\u00a0\u00bbrgba(255,255,255,0.9)\u00a0\u00bb caption_all_caps=\u00a0\u00bboff\u00a0\u00bb use_border_color=\u00a0\u00bboff\u00a0\u00bb border_color=\u00a0\u00bb#ffffff\u00a0\u00bb border_style=\u00a0\u00bbsolid\u00a0\u00bb posts_number=\u00a0\u00bb5&Prime;] [\/et_pb_gallery][\/et_pb_column][\/et_pb_row][\/et_pb_section]<\/p>\n","protected":false},"excerpt":{"rendered":"<p>Uz\u00e8s est une ville du Gard, en r\u00e9gion Languedoc-Roussillon, situ\u00e9e \u00e0 la crois\u00e9e des chemins entre Al\u00e8s, Avignon et N\u00eemes. Elle est class\u00e9e ville d&rsquo;art et d&rsquo;histoire. On y aime son art de vivre. Elle est bord\u00e9e de vignes, d&rsquo;oliviers et de garrigue et baign\u00e9e d&rsquo;une lumi\u00e8re exquise. Les rues pi\u00e9tonnes pav\u00e9es en pierre de [&hellip;]<\/p>\n","protected":false},"author":1,"featured_media":128,"parent":0,"menu_order":0,"comment_status":"closed","ping_status":"closed","template":"","meta":{"_et_pb_use_builder":"on","_et_pb_old_content":"<p>Uz\u00e8s est une ville du Gard, en r\u00e9gion Languedoc-Roussillon, situ\u00e9e \u00e0 la crois\u00e9e des chemins entre Al\u00e8s, Avignon et N\u00eemes. Elle est class\u00e9e ville d'art et d'histoire. On y aime son art de vivre.<br \/> Elle est bord\u00e9e de vignes, d'oliviers et de garrigue et baign\u00e9e d'une lumi\u00e8re exquise.<br \/> Les rues pi\u00e9tonnes pav\u00e9es en pierre de Tieule serpentent dans un centre ville qui invite \u00e0 la fl\u00e2nerie.<br \/> La place aux Herbes accueille sous ses hauts platanes un march\u00e9 hebdomadaire tr\u00e8s proven\u00e7al.<br \/> Le monument le plus symbolique de la ville, apr\u00e8s le Duch\u00e9 et le ch\u00e2teau des ducs d'Uz\u00e8s, est la tour Fenestrelle.<\/p><p><img class=\"alignnone size-medium wp-image-129\" src=\"http:\/\/lamaisondelabourgade.com\/lesmaisons\/wp-content\/uploads\/2016\/07\/Respirer01-300x196.jpg\" alt=\"Respirer01\" width=\"300\" height=\"196\" \/> <img class=\"alignnone size-medium wp-image-130\" src=\"http:\/\/lamaisondelabourgade.com\/lesmaisons\/wp-content\/uploads\/2016\/07\/Respirer02-300x200.jpg\" alt=\"Respirer02\" width=\"300\" height=\"200\" \/> <img class=\"alignnone size-medium wp-image-131\" src=\"http:\/\/lamaisondelabourgade.com\/lesmaisons\/wp-content\/uploads\/2016\/07\/Respirer03-300x200.jpg\" alt=\"Respirer03\" width=\"300\" height=\"200\" \/> <img class=\"alignnone size-medium wp-image-132\" src=\"http:\/\/lamaisondelabourgade.com\/lesmaisons\/wp-content\/uploads\/2016\/07\/Respirer04-300x200.jpg\" alt=\"Respirer04\" width=\"300\" height=\"200\" \/><\/p>","_et_gb_content_width":"","footnotes":""},"class_list":["post-127","page","type-page","status-publish","has-post-thumbnail","hentry"],"yoast_head":"<!-- This site is optimized with the Yoast SEO plugin v27.5 - https:\/\/yoast.com\/product\/yoast-seo-wordpress\/ -->\n<title>Ville d&#039;Uz\u00e9s - Maisons d&#039;h\u00f4tes \u00e0 Uz\u00e9s<\/title>\n<meta name=\"robots\" content=\"index, follow, max-snippet:-1, max-image-preview:large, max-video-preview:-1\" \/>\n<link rel=\"canonical\" href=\"https:\/\/lamaisondelabourgade.com\/lesmaisons\/ville-duzes\/\" \/>\n<meta property=\"og:locale\" content=\"fr_FR\" \/>\n<meta property=\"og:type\" content=\"article\" \/>\n<meta property=\"og:title\" content=\"Ville d&#039;Uz\u00e9s - Maisons d&#039;h\u00f4tes \u00e0 Uz\u00e9s\" \/>\n<meta property=\"og:description\" content=\"Uz\u00e8s est une ville du Gard, en r\u00e9gion Languedoc-Roussillon, situ\u00e9e \u00e0 la crois\u00e9e des chemins entre Al\u00e8s, Avignon et N\u00eemes. Elle est class\u00e9e ville d&#039;art et d&#039;histoire. On y aime son art de vivre. Elle est bord\u00e9e de vignes, d&#039;oliviers et de garrigue et baign\u00e9e d&#039;une lumi\u00e8re exquise. Les rues pi\u00e9tonnes pav\u00e9es en pierre de [&hellip;]\" \/>\n<meta property=\"og:url\" content=\"https:\/\/lamaisondelabourgade.com\/lesmaisons\/ville-duzes\/\" \/>\n<meta property=\"og:site_name\" content=\"Maisons d&#039;h\u00f4tes \u00e0 Uz\u00e9s\" \/>\n<meta property=\"article:modified_time\" content=\"2016-07-29T06:10:58+00:00\" \/>\n<meta property=\"og:image\" content=\"https:\/\/lamaisondelabourgade.com\/lesmaisons\/wp-content\/uploads\/2016\/07\/Respirer05.jpg\" \/>\n\t<meta property=\"og:image:width\" content=\"1024\" \/>\n\t<meta property=\"og:image:height\" content=\"1025\" \/>\n\t<meta property=\"og:image:type\" content=\"image\/jpeg\" \/>\n<meta name=\"twitter:card\" content=\"summary_large_image\" \/>\n<meta name=\"twitter:label1\" content=\"Dur\u00e9e de lecture estim\u00e9e\" \/>\n\t<meta name=\"twitter:data1\" content=\"1 minute\" \/>\n<script type=\"application\/ld+json\" class=\"yoast-schema-graph\">{\"@context\":\"https:\\\/\\\/schema.org\",\"@graph\":[{\"@type\":\"WebPage\",\"@id\":\"https:\\\/\\\/lamaisondelabourgade.com\\\/lesmaisons\\\/ville-duzes\\\/\",\"url\":\"https:\\\/\\\/lamaisondelabourgade.com\\\/lesmaisons\\\/ville-duzes\\\/\",\"name\":\"Ville d'Uz\u00e9s - Maisons d&#039;h\u00f4tes \u00e0 Uz\u00e9s\",\"isPartOf\":{\"@id\":\"https:\\\/\\\/lamaisondelabourgade.com\\\/lesmaisons\\\/#website\"},\"primaryImageOfPage\":{\"@id\":\"https:\\\/\\\/lamaisondelabourgade.com\\\/lesmaisons\\\/ville-duzes\\\/#primaryimage\"},\"image\":{\"@id\":\"https:\\\/\\\/lamaisondelabourgade.com\\\/lesmaisons\\\/ville-duzes\\\/#primaryimage\"},\"thumbnailUrl\":\"https:\\\/\\\/lamaisondelabourgade.com\\\/lesmaisons\\\/wp-content\\\/uploads\\\/2016\\\/07\\\/Respirer05.jpg\",\"datePublished\":\"2016-07-28T12:53:58+00:00\",\"dateModified\":\"2016-07-29T06:10:58+00:00\",\"breadcrumb\":{\"@id\":\"https:\\\/\\\/lamaisondelabourgade.com\\\/lesmaisons\\\/ville-duzes\\\/#breadcrumb\"},\"inLanguage\":\"fr-FR\",\"potentialAction\":[{\"@type\":\"ReadAction\",\"target\":[\"https:\\\/\\\/lamaisondelabourgade.com\\\/lesmaisons\\\/ville-duzes\\\/\"]}]},{\"@type\":\"ImageObject\",\"inLanguage\":\"fr-FR\",\"@id\":\"https:\\\/\\\/lamaisondelabourgade.com\\\/lesmaisons\\\/ville-duzes\\\/#primaryimage\",\"url\":\"https:\\\/\\\/lamaisondelabourgade.com\\\/lesmaisons\\\/wp-content\\\/uploads\\\/2016\\\/07\\\/Respirer05.jpg\",\"contentUrl\":\"https:\\\/\\\/lamaisondelabourgade.com\\\/lesmaisons\\\/wp-content\\\/uploads\\\/2016\\\/07\\\/Respirer05.jpg\",\"width\":1024,\"height\":1025},{\"@type\":\"BreadcrumbList\",\"@id\":\"https:\\\/\\\/lamaisondelabourgade.com\\\/lesmaisons\\\/ville-duzes\\\/#breadcrumb\",\"itemListElement\":[{\"@type\":\"ListItem\",\"position\":1,\"name\":\"Accueil\",\"item\":\"https:\\\/\\\/lamaisondelabourgade.com\\\/lesmaisons\\\/\"},{\"@type\":\"ListItem\",\"position\":2,\"name\":\"Ville d&rsquo;Uz\u00e9s\"}]},{\"@type\":\"WebSite\",\"@id\":\"https:\\\/\\\/lamaisondelabourgade.com\\\/lesmaisons\\\/#website\",\"url\":\"https:\\\/\\\/lamaisondelabourgade.com\\\/lesmaisons\\\/\",\"name\":\"Maisons d&#039;h\u00f4tes \u00e0 Uz\u00e9s\",\"description\":\"Deux maisons d&#039;h\u00f4tes au coeur de la ville d&#039;uz\u00e9s\",\"potentialAction\":[{\"@type\":\"SearchAction\",\"target\":{\"@type\":\"EntryPoint\",\"urlTemplate\":\"https:\\\/\\\/lamaisondelabourgade.com\\\/lesmaisons\\\/?s={search_term_string}\"},\"query-input\":{\"@type\":\"PropertyValueSpecification\",\"valueRequired\":true,\"valueName\":\"search_term_string\"}}],\"inLanguage\":\"fr-FR\"}]}<\/script>\n<!-- \/ Yoast SEO plugin. -->","yoast_head_json":{"title":"Ville d'Uz\u00e9s - Maisons d&#039;h\u00f4tes \u00e0 Uz\u00e9s","robots":{"index":"index","follow":"follow","max-snippet":"max-snippet:-1","max-image-preview":"max-image-preview:large","max-video-preview":"max-video-preview:-1"},"canonical":"https:\/\/lamaisondelabourgade.com\/lesmaisons\/ville-duzes\/","og_locale":"fr_FR","og_type":"article","og_title":"Ville d'Uz\u00e9s - Maisons d&#039;h\u00f4tes \u00e0 Uz\u00e9s","og_description":"Uz\u00e8s est une ville du Gard, en r\u00e9gion Languedoc-Roussillon, situ\u00e9e \u00e0 la crois\u00e9e des chemins entre Al\u00e8s, Avignon et N\u00eemes. Elle est class\u00e9e ville d'art et d'histoire. On y aime son art de vivre. Elle est bord\u00e9e de vignes, d'oliviers et de garrigue et baign\u00e9e d'une lumi\u00e8re exquise. Les rues pi\u00e9tonnes pav\u00e9es en pierre de [&hellip;]","og_url":"https:\/\/lamaisondelabourgade.com\/lesmaisons\/ville-duzes\/","og_site_name":"Maisons d&#039;h\u00f4tes \u00e0 Uz\u00e9s","article_modified_time":"2016-07-29T06:10:58+00:00","og_image":[{"width":1024,"height":1025,"url":"https:\/\/lamaisondelabourgade.com\/lesmaisons\/wp-content\/uploads\/2016\/07\/Respirer05.jpg","type":"image\/jpeg"}],"twitter_card":"summary_large_image","twitter_misc":{"Dur\u00e9e de lecture estim\u00e9e":"1 minute"},"schema":{"@context":"https:\/\/schema.org","@graph":[{"@type":"WebPage","@id":"https:\/\/lamaisondelabourgade.com\/lesmaisons\/ville-duzes\/","url":"https:\/\/lamaisondelabourgade.com\/lesmaisons\/ville-duzes\/","name":"Ville d'Uz\u00e9s - Maisons d&#039;h\u00f4tes \u00e0 Uz\u00e9s","isPartOf":{"@id":"https:\/\/lamaisondelabourgade.com\/lesmaisons\/#website"},"primaryImageOfPage":{"@id":"https:\/\/lamaisondelabourgade.com\/lesmaisons\/ville-duzes\/#primaryimage"},"image":{"@id":"https:\/\/lamaisondelabourgade.com\/lesmaisons\/ville-duzes\/#primaryimage"},"thumbnailUrl":"https:\/\/lamaisondelabourgade.com\/lesmaisons\/wp-content\/uploads\/2016\/07\/Respirer05.jpg","datePublished":"2016-07-28T12:53:58+00:00","dateModified":"2016-07-29T06:10:58+00:00","breadcrumb":{"@id":"https:\/\/lamaisondelabourgade.com\/lesmaisons\/ville-duzes\/#breadcrumb"},"inLanguage":"fr-FR","potentialAction":[{"@type":"ReadAction","target":["https:\/\/lamaisondelabourgade.com\/lesmaisons\/ville-duzes\/"]}]},{"@type":"ImageObject","inLanguage":"fr-FR","@id":"https:\/\/lamaisondelabourgade.com\/lesmaisons\/ville-duzes\/#primaryimage","url":"https:\/\/lamaisondelabourgade.com\/lesmaisons\/wp-content\/uploads\/2016\/07\/Respirer05.jpg","contentUrl":"https:\/\/lamaisondelabourgade.com\/lesmaisons\/wp-content\/uploads\/2016\/07\/Respirer05.jpg","width":1024,"height":1025},{"@type":"BreadcrumbList","@id":"https:\/\/lamaisondelabourgade.com\/lesmaisons\/ville-duzes\/#breadcrumb","itemListElement":[{"@type":"ListItem","position":1,"name":"Accueil","item":"https:\/\/lamaisondelabourgade.com\/lesmaisons\/"},{"@type":"ListItem","position":2,"name":"Ville d&rsquo;Uz\u00e9s"}]},{"@type":"WebSite","@id":"https:\/\/lamaisondelabourgade.com\/lesmaisons\/#website","url":"https:\/\/lamaisondelabourgade.com\/lesmaisons\/","name":"Maisons d&#039;h\u00f4tes \u00e0 Uz\u00e9s","description":"Deux maisons d&#039;h\u00f4tes au coeur de la ville d&#039;uz\u00e9s","potentialAction":[{"@type":"SearchAction","target":{"@type":"EntryPoint","urlTemplate":"https:\/\/lamaisondelabourgade.com\/lesmaisons\/?s={search_term_string}"},"query-input":{"@type":"PropertyValueSpecification","valueRequired":true,"valueName":"search_term_string"}}],"inLanguage":"fr-FR"}]}},"_links":{"self":[{"href":"https:\/\/lamaisondelabourgade.com\/lesmaisons\/wp-json\/wp\/v2\/pages\/127","targetHints":{"allow":["GET"]}}],"collection":[{"href":"https:\/\/lamaisondelabourgade.com\/lesmaisons\/wp-json\/wp\/v2\/pages"}],"about":[{"href":"https:\/\/lamaisondelabourgade.com\/lesmaisons\/wp-json\/wp\/v2\/types\/page"}],"author":[{"embeddable":true,"href":"https:\/\/lamaisondelabourgade.com\/lesmaisons\/wp-json\/wp\/v2\/users\/1"}],"replies":[{"embeddable":true,"href":"https:\/\/lamaisondelabourgade.com\/lesmaisons\/wp-json\/wp\/v2\/comments?post=127"}],"version-history":[{"count":4,"href":"https:\/\/lamaisondelabourgade.com\/lesmaisons\/wp-json\/wp\/v2\/pages\/127\/revisions"}],"predecessor-version":[{"id":391,"href":"https:\/\/lamaisondelabourgade.com\/lesmaisons\/wp-json\/wp\/v2\/pages\/127\/revisions\/391"}],"wp:featuredmedia":[{"embeddable":true,"href":"https:\/\/lamaisondelabourgade.com\/lesmaisons\/wp-json\/wp\/v2\/media\/128"}],"wp:attachment":[{"href":"https:\/\/lamaisondelabourgade.com\/lesmaisons\/wp-json\/wp\/v2\/media?parent=127"}],"curies":[{"name":"wp","href":"https:\/\/api.w.org\/{rel}","templated":true}]}}